{"id":149134,"date":"2023-03-02T12:07:50","date_gmt":"2023-03-02T12:07:50","guid":{"rendered":"https:\/\/shop.perfectpro.eu\/faq-2\/"},"modified":"2023-07-18T07:20:53","modified_gmt":"2023-07-18T07:20:53","slug":"faq","status":"publish","type":"page","link":"https:\/\/shop.perfectpro.eu\/nl\/faq\/","title":{"rendered":"FAQ"},"content":{"rendered":"[vc_row type=&#8221;full_width_background&#8221; full_screen_row_position=&#8221;middle&#8221; column_margin=&#8221;default&#8221; column_direction=&#8221;default&#8221; column_direction_tablet=&#8221;default&#8221; column_direction_phone=&#8221;default&#8221; bg_image=&#8221;4703&#8243; bg_position=&#8221;center center&#8221; bg_repeat=&#8221;no-repeat&#8221; scene_position=&#8221;center&#8221; text_color=&#8221;dark&#8221; text_align=&#8221;left&#8221; row_border_radius=&#8221;none&#8221; row_border_radius_applies=&#8221;bg&#8221; class=&#8221;mobile-divider-height&#8221; disable_element=&#8221;yes&#8221; overlay_strength=&#8221;0.3&#8243; gradient_direction=&#8221;left_to_right&#8221; shape_divider_position=&#8221;bottom&#8221; bg_image_animation=&#8221;none&#8221; shape_type=&#8221;&#8221;][vc_column column_padding=&#8221;no-extra-padding&#8221; column_padding_tablet=&#8221;inherit&#8221; column_padding_phone=&#8221;inherit&#8221; column_padding_position=&#8221;all&#8221; background_color_opacity=&#8221;1&#8243; background_hover_color_opacity=&#8221;1&#8243; column_shadow=&#8221;none&#8221; column_border_radius=&#8221;none&#8221; column_link_target=&#8221;_self&#8221; gradient_direction=&#8221;left_to_right&#8221; overlay_strength=&#8221;0.3&#8243; width=&#8221;1\/1&#8243; tablet_width_inherit=&#8221;default&#8221; tablet_text_alignment=&#8221;default&#8221; phone_text_alignment=&#8221;default&#8221; column_border_width=&#8221;none&#8221; column_border_style=&#8221;solid&#8221; bg_image_animation=&#8221;none&#8221;][vc_row_inner column_margin=&#8221;default&#8221; column_direction=&#8221;default&#8221; column_direction_tablet=&#8221;default&#8221; column_direction_phone=&#8221;default&#8221; text_align=&#8221;left&#8221;][vc_column_inner column_padding=&#8221;no-extra-padding&#8221; column_padding_tablet=&#8221;inherit&#8221; column_padding_phone=&#8221;inherit&#8221; column_padding_position=&#8221;all&#8221; background_color_opacity=&#8221;1&#8243; background_hover_color_opacity=&#8221;1&#8243; column_shadow=&#8221;none&#8221; column_border_radius=&#8221;none&#8221; column_link_target=&#8221;_self&#8221; gradient_direction=&#8221;left_to_right&#8221; overlay_strength=&#8221;0.3&#8243; width=&#8221;1\/2&#8243; tablet_width_inherit=&#8221;default&#8221; column_border_width=&#8221;none&#8221; column_border_style=&#8221;solid&#8221; bg_image_animation=&#8221;none&#8221;][divider line_type=&#8221;No Line&#8221; custom_height=&#8221;110&#8243;][vc_custom_heading text=&#8221;FAQ &amp; Klantenservice&#8221; font_container=&#8221;tag:h2|text_align:left|color:%23ffffff&#8221; use_theme_fonts=&#8221;yes&#8221; css=&#8221;.vc_custom_1679303916760{padding-bottom: 40px !important;}&#8221; el_class=&#8221;color-white uppercase h1&#8243;][\/vc_column_inner][vc_column_inner column_padding=&#8221;no-extra-padding&#8221; column_padding_tablet=&#8221;inherit&#8221; column_padding_phone=&#8221;inherit&#8221; column_padding_position=&#8221;all&#8221; background_color_opacity=&#8221;1&#8243; background_hover_color_opacity=&#8221;1&#8243; column_shadow=&#8221;none&#8221; column_border_radius=&#8221;none&#8221; column_link_target=&#8221;_self&#8221; el_class=&#8221;geen-mobile-divider&#8221; gradient_direction=&#8221;left_to_right&#8221; overlay_strength=&#8221;0.3&#8243; width=&#8221;1\/2&#8243; tablet_width_inherit=&#8221;default&#8221; column_border_width=&#8221;none&#8221; column_border_style=&#8221;solid&#8221; bg_image_animation=&#8221;none&#8221;][\/vc_column_inner][\/vc_row_inner][\/vc_column][\/vc_row][vc_row type=&#8221;in_container&#8221; full_screen_row_position=&#8221;middle&#8221; column_margin=&#8221;default&#8221; column_direction=&#8221;default&#8221; column_direction_tablet=&#8221;default&#8221; column_direction_phone=&#8221;default&#8221; scene_position=&#8221;center&#8221; text_color=&#8221;dark&#8221; text_align=&#8221;left&#8221; row_border_radius=&#8221;none&#8221; row_border_radius_applies=&#8221;bg&#8221; id=&#8221;faq-1&#8243; overlay_strength=&#8221;0.3&#8243; gradient_direction=&#8221;left_to_right&#8221; shape_divider_position=&#8221;bottom&#8221; bg_image_animation=&#8221;none&#8221; shape_type=&#8221;&#8221;][vc_column column_padding=&#8221;no-extra-padding&#8221; column_padding_tablet=&#8221;inherit&#8221; column_padding_phone=&#8221;inherit&#8221; column_padding_position=&#8221;all&#8221; background_color_opacity=&#8221;1&#8243; background_hover_color_opacity=&#8221;1&#8243; column_shadow=&#8221;none&#8221; column_border_radius=&#8221;none&#8221; column_link_target=&#8221;_self&#8221; gradient_direction=&#8221;left_to_right&#8221; overlay_strength=&#8221;0.3&#8243; width=&#8221;1\/3&#8243; tablet_width_inherit=&#8221;default&#8221; tablet_text_alignment=&#8221;default&#8221; phone_text_alignment=&#8221;default&#8221; column_border_width=&#8221;none&#8221; column_border_style=&#8221;solid&#8221; bg_image_animation=&#8221;none&#8221;][divider line_type=&#8221;No Line&#8221; custom_height=&#8221;90&#8243; custom_height_tablet=&#8221;45&#8243; custom_height_phone=&#8221;45&#8243;][vc_raw_html]JTNDZGl2JTIwY2xhc3MlM0QlMjJjYXQtc2Nyb2xsLWJsb2tqZSUyMiUzRSUwQSUzQ2g0JTNFRkFRJTIwJTI2JTIwS2xhbnRlbnNlcnZpY2UlM0MlMkZoNCUzRSUwQSUzQ2ElMjBocmVmJTNEJTIyJTIzZmFxLTElMjIlM0VSYWRpbyUyN3MlM0MlMkZhJTNFJTBBJTNDYSUyMGhyZWYlM0QlMjIlMjNmYXEtMiUyMiUzRUFjY2Vzc29pcmVzJTNDJTJGYSUzRSUwQSUzQ2ElMjBocmVmJTNEJTIyJTIzZmFxLTMlMjIlM0VCYXR0ZXJpamVuJTIwZW4lMjBhY2N1JTI3cyUzQyUyRmElM0UlMEElM0NhJTIwaHJlZiUzRCUyMiUyM2ZhcS00JTIyJTNFT3ZlciUyMG9ucyUzQyUyRmElM0UlMEElM0NhJTIwaHJlZiUzRCUyMiUyM2ZhcS01JTIyJTNFVmVyemVuZGluZyUyMCUyNiUyMExldmVyaW5nJTNDJTJGYSUzRSUwQSUzQ2ElMjBocmVmJTNEJTIyJTIzZmFxLTYlMjIlM0VSZXRvdXJuZXJlbiUzQyUyRmElM0UlMEElM0NhJTIwaHJlZiUzRCUyMiUyM2ZhcS03JTIyJTNFQmVzdGVsbGluZ2VuJTNDJTJGYSUzRSUwQSUzQ2ElMjBocmVmJTNEJTIyJTIzZmFxLTglMjIlM0VBTVBTaGFyZSUyMC0lMjBQb3dlcmVkJTIwYnklMjBCb3NjaCUyMFByb2Zlc3Npb25hbCUzQyUyRmElM0UlMEElM0NhJTIwaHJlZiUzRCUyMiUyM2ZhcS05JTIyJTNFS2xhbnRlbnNlcnZpY2UlM0MlMkZhJTNFJTBBJTNDJTJGZGl2JTNF[\/vc_raw_html][\/vc_column][vc_column column_padding=&#8221;no-extra-padding&#8221; column_padding_tablet=&#8221;inherit&#8221; column_padding_phone=&#8221;inherit&#8221; column_padding_position=&#8221;all&#8221; background_color_opacity=&#8221;1&#8243; background_hover_color_opacity=&#8221;1&#8243; column_shadow=&#8221;none&#8221; column_border_radius=&#8221;none&#8221; column_link_target=&#8221;_self&#8221; gradient_direction=&#8221;left_to_right&#8221; overlay_strength=&#8221;0.3&#8243; width=&#8221;2\/3&#8243; tablet_width_inherit=&#8221;default&#8221; tablet_text_alignment=&#8221;default&#8221; phone_text_alignment=&#8221;default&#8221; column_border_width=&#8221;none&#8221; column_border_style=&#8221;solid&#8221; bg_image_animation=&#8221;none&#8221;][divider line_type=&#8221;No Line&#8221; custom_height=&#8221;150&#8243; custom_height_tablet=&#8221;45&#8243; custom_height_phone=&#8221;45&#8243;][vc_column_text el_class=&#8221;fag-cat-heading&#8221;]\n<h4>PERFECTPRO RADIO&#8217;S<\/h4>\n[\/vc_column_text][vc_column_text el_class=&#8221;fag-cat-heading&#8221;]\n<h4>Meest gestelde vragen<\/h4>\n[\/vc_column_text][toggles style=&#8221;minimal&#8221;][toggle color=&#8221;Accent-Color&#8221; title=&#8221;Wat is een PerfectPro bouwradio?&#8221;][vc_column_text]<span style=\"font-weight: 400;\">Een PerfectPro bouwradio speelt onverstoorbaar door onder zware omstandigheden. Onze radio\u2019s zijn water-, stof- en schokbestendig, zeer robuust gebouwd en uitgerust met dikke knoppen die makkelijk te bedienen en schoon te maken zijn. Door o.a.een stevige behuizing en rubberen bumpers hebben bouwradio\u2019s extra bescherming ten opzichte van normale radio\u2019s.<\/span>[\/vc_column_text][\/toggle][toggle color=&#8221;Accent-Color&#8221; title=&#8221;Maakt PerfectPro radio&#8217;s voor professionele gebruikers van Bosch?&#8221;][vc_column_text]<span style=\"font-weight: 400;\">Bij PerfectPro vinden we dat elke professional het beste geluid verdient tijdens zijn werk en we zijn ervan overtuigd dat we de knowhow hebben om het beste product te cre\u00ebren voor elke hardwerkende professional. Daarom is PerfectPro uitgenodigd om lid te worden van de AMPShare-alliantie, zodat ook AMPShare- en Bosch-professionals het beste geluid kunnen ervaren tijdens hun harde werk.<\/span><\/p>\n<p><span style=\"font-weight: 400;\">Elke gebruiker van een Bosch 18V-batterij of AMPShare -batterij kan die batterij gebruiken voor de modellen die we maken voor het AMPShare -platform. Aangezien er veel meer professionals zijn die niet loyaal zijn aan een accu-platform of fan zijn van het PerfectPro-merk, zal PerfectPro blijven producten ontwikkelen op basis van ge\u00efntegreerde Lithium-batterijen en verwisselbare NiMH-batterijen<\/span>[\/vc_column_text][\/toggle][toggle color=&#8221;Accent-Color&#8221; title=&#8221;Welke stroomvoorziening opties zijn er voor PerfectPro bouwradio&#8217;s?&#8221;][vc_column_text]<span style=\"font-weight: 400;\">Alle PerfectPro-radio\u2019s kunnen gevoed worden via netstroom. Daarnaast hebben we 3 opties aan extra stroomvoorziening;<\/span><\/p>\n<ol>\n<li style=\"font-weight: 400;\" aria-level=\"1\"><span style=\"font-weight: 400;\">NiMh-batterijen<\/span><\/li>\n<li style=\"font-weight: 400;\" aria-level=\"1\"><span style=\"font-weight: 400;\">Ingebouwde lithium-accu<\/span><\/li>\n<li style=\"font-weight: 400;\" aria-level=\"1\"><span style=\"font-weight: 400;\">Bosch 18V accu\u2019s<\/span><\/li>\n<\/ol>\n[\/vc_column_text][\/toggle][toggle color=&#8221;Accent-Color&#8221; title=&#8221;Zijn batterijen en Bosch 18V accu\u2019s standaard inbegrepen bij een PerfectPro bouwradio?&#8221;][vc_column_text]<span style=\"font-weight: 400;\">Nee, losse NiMH-batterijen en\/ of Bosch 18V accu\u2019s zijn niet inbegrepen bij aankoop van een radio<\/span>[\/vc_column_text][\/toggle][toggle color=&#8221;Accent-Color&#8221; title=&#8221;Wat is DAB+ ontvangst?&#8221;][vc_column_text]DAB+ radio is nieuw sinds enkele jaren en alle zenders werken er hard aan om in de komende jaren een volledige, landelijke dekking te verkrijgen.<\/p>\n<p><span style=\"font-weight: 400;\">We hebben een volledige pagina toegewijd aan DAB+, deze vind je <\/span><b><a href=\"https:\/\/shop.perfectpro.eu\/nl\/dab-ontvangst\/\">hier<\/a><br \/>\n<\/b><br \/>\n<span style=\"font-weight: 400;\"><br \/>\n<\/span>[\/vc_column_text][\/toggle][toggle color=&#8221;Accent-Color&#8221; title=&#8221;Waarom werkt mijn DAB+ ontvangst niet?&#8221;][vc_column_text]<span style=\"font-weight: 400;\">We hebben een volledige pagina toegewijd aan DAB+, deze vind je <\/span><a href=\"https:\/\/shop.perfectpro.eu\/nl\/dab-ontvangst\/\"><b>hier<\/b><\/a><span style=\"font-weight: 400;\"><br \/>\n<\/span><\/p>\n<p>Een kort overzicht wat je kan doen bij slecht DAB+ ontvangst:<\/p>\n<ul>\n<li>Richt altijd eerst de antenne recht verticaal omhoog<\/li>\n<li>Zet de radio niet te dicht bij\u00a0potenti\u00eble\u00a0storingsbronnen zoals LED lampen, acculaders, draaiende machines, computers, grote metalen vlakken etc.<\/li>\n<li>Zet de radio aan en activeer in het DAB+ menu een volledige scan<\/li>\n<li>In het display van de radio ziet u het verloop van de scan en het aantal zenders die worden gevonden op de plaats waar de radio op dat moment staat<\/li>\n<li>Heb je regelmatig last van slecht DAB+ ontvangst? Dan raden wij aan om een metalen antenne te gebruiken in plaats van een flexibele antenne<\/li>\n<\/ul>\n[\/vc_column_text][\/toggle][toggle color=&#8221;Default&#8221; title=&#8221;Waarom een WiFi-internetradio?&#8221;][vc_column_text]<strong>Alle zenders uit de hele wereld:<\/strong><\/p>\n<ul>\n<li>keuze uit vele duizenden radiozenders uit de hele wereld.<\/li>\n<li>zowel kleinere lokale radiozenders, regionale als nationale radiozenders.<\/li>\n<li>ook vele radiozenders die alleen via internet radio uitzenden.<\/li>\n<\/ul>\n<p><strong>Perfecte geluidskwaliteit:<\/strong><\/p>\n<ul>\n<li>digitale, stereo geluidskwaliteit.<\/li>\n<li>afhankelijk van de doorgezonden kwaliteit is deze goed tot zeer goed.<\/li>\n<li>geen kraken of storen aangezien het signaal niet door de ether gaat zoals bij normale radio-ontvangst en dus niet door externe factoren wordt be\u00efnvloedt.<\/li>\n<\/ul>\n<p><strong>Ongestoorde ontvangst:<\/strong><\/p>\n<ul>\n<li>simpel: daar waar u WiFi toegang heeft, daar heeft u ontvangst en alle voordelen als hierboven aangegeven.<\/li>\n<li>ideaal dus voor gebieden en regio\u2019s waar het FM of DAB+ signaal zwak is of totaal afwezig is.<\/li>\n<li>ook ideaal dus voor plaatsen of locaties waar normale radio-ontvangst van FM of DAB+ sterk gehinderd wordt door externe factoren zoals b.v. in werkplaatsen, productiehallen, metaal- en betonconstructies etc.<\/li>\n<\/ul>\n[\/vc_column_text][\/toggle][toggle color=&#8221;Default&#8221; title=&#8221;Mijn LED-display valt uit&#8221;][vc_column_text]Alle PerfectPro LED-displays hebben een automatische dimmer om energie te besparen[\/vc_column_text][\/toggle][\/toggles][divider line_type=&#8221;No Line&#8221; custom_height=&#8221;50&#8243;][vc_column_text el_class=&#8221;fag-cat-heading&#8221;]\n<h4>Onderhoud<\/h4>\n[\/vc_column_text][toggles style=&#8221;minimal&#8221;][toggle color=&#8221;Accent-Color&#8221; title=&#8221;Wat is een IP-certificering?&#8221;][vc_column_text]<span style=\"font-weight: 400;\">IP staat voor Ingress Protection. De IP-certificering geeft aan in welke mate het product bestand is tegen stof, vuil en\/of vocht. Een IP-certificering bestaat uit twee cijfers. Het eerste cijfer geeft aan hoe goed de radio beschermd is tegen stof, en het tweede cijfer laat de bescherming tegen vocht zien.<\/span>[\/vc_column_text][\/toggle][toggle color=&#8221;Accent-Color&#8221; title=&#8221;Welke IP-certificeringen hebben de radios&#8217;?&#8221;][vc_column_text]Een overzicht van de IP-certificeringen per radio:<\/p>\n<ul>\n<li><span style=\"font-weight: 400;\">Rockpro: IP65<\/span><\/li>\n<li><span style=\"font-weight: 400;\">Rockbull: IP65<\/span><\/li>\n<li><span style=\"font-weight: 400;\">Audisse: IP65<\/span><\/li>\n<li><span style=\"font-weight: 400;\">Powerplayer: IP65<\/span><\/li>\n<li><span style=\"font-weight: 400;\">Workstation: IP65<\/span><\/li>\n<li><span style=\"font-weight: 400;\">Teambox: IP65<\/span><\/li>\n<li><span style=\"font-weight: 400;\">Soloworker: IP64<\/span><\/li>\n<li><span style=\"font-weight: 400;\">Netbox: IP64<\/span><\/li>\n<li><span style=\"font-weight: 400;\">UBOX400r: IP64<\/span><\/li>\n<li><span style=\"font-weight: 400;\">Dabpro: IP54<br \/>\n<\/span><\/li>\n<li>Dabpro 18V: IP54<\/li>\n<li><span style=\"font-weight: 400;\">Dabbox: IP54<\/span><\/li>\n<li><span style=\"font-weight: 400;\">Rockhart: IP44<br \/>\n<\/span><\/li>\n<li>Rockhart 18V: IP44<\/li>\n<\/ul>\n[\/vc_column_text][\/toggle][toggle color=&#8221;Accent-Color&#8221; title=&#8221;Kan ik mijn radio in elke werkplaats\/ bouwplaats neerzetten?&#8221;][vc_column_text]<span style=\"font-weight: 400;\">Onze radio\u2019s kunnen absoluut tegen een stootje en zijn dus ook geschikt voor ruwe omstandigheden zoals een stoffige werkplaats of natte bouwplaats. <\/span><span style=\"font-weight: 400;\">De mate van bestendigheid wordt aangegeven door de IP-certificering.\u00a0<\/span><\/p>\n<p><span style=\"font-weight: 400;\">De IP-certificering bestaat uit twee cijfers. Het eerste cijfer geeft aan in hoeverre de radio bestand is tegen stof en andere vaste stoffen, zoals zand. Het tweede cijfer geeft aan in hoeverre de radio bestand is tegen water en vocht.<\/span><\/p>\n<p><strong>LETP OP:\u00a0<\/strong>PerfectPro-producten hebben <em><strong>geen<\/strong><\/em> ATEX-certificering[\/vc_column_text][\/toggle][toggle color=&#8221;Accent-Color&#8221; title=&#8221;Is het veilig om mijn bouwradio in de regen te laten staan?&#8221;][vc_column_text]<span style=\"font-weight: 400;\">Onze radio\u2019s kunnen absoluut tegen een stootje, alsnog raden wij het nooit aan om je radio buiten in de regen te laten staan. <\/span><span style=\"font-weight: 400;\"><br \/>\n<\/span><span style=\"font-weight: 400;\">Niet alle bouwradio&#8217;s zijn waterdicht, maar er zijn veel modellen die een waterbestendige behuizing hebben en tegen regen of opspattend water kunnen. Dit wordt aangegeven door de P van de IP-certificering. De IP-certificering bestaat uit twee cijfers. Het eerste cijfer geeft aan in hoeverre de radio bestand is tegen stof en andere vaste stoffen, zoals zand. Het tweede cijfer geeft aan in hoeverre de radio bestand is tegen water en vocht. Bouwradio\u2019s met een hoge IP-certificering: <\/span><a href=\"https:\/\/shop.perfectpro.eu\/de\/produkt\/rockpro\/\"><span style=\"font-weight: 400;\">ROCKPRO<\/span><\/a><span style=\"font-weight: 400;\">, <\/span><a href=\"https:\/\/shop.perfectpro.eu\/de\/produkt\/powerplayer\/\"><span style=\"font-weight: 400;\">POWERPLAYER<\/span><\/a><span style=\"font-weight: 400;\"> &amp; <\/span><a href=\"https:\/\/shop.perfectpro.eu\/de\/produkt\/rockbull\/\"><span style=\"font-weight: 400;\">ROCKBULL<\/span><\/a><span style=\"font-weight: 400;\">.<\/span>[\/vc_column_text][\/toggle][toggle color=&#8221;Accent-Color&#8221; title=&#8221;Onderhoudsadvies&#8221;][vc_column_text]<span style=\"font-weight: 400;\">PerfectPro-radio&#8217;s zijn ontwikkeld om tegen ruwe omgevingen, stof, water en vuil te kunnen. Er hoeft dus ook niet echt onderhoud plaats te vinden. Mocht er onverhoopt toch iets stuk zijn gegaan aan of in de radio, raden wij in dat geval altijd aan om contact op te nemen met de <a href=\"mailto:info@perfectpro.eu\">klantenservice<\/a><\/span>[\/vc_column_text][\/toggle][toggle color=&#8221;Default&#8221; title=&#8221;Recyclen&#8221;][vc_column_text]\n<div id=\"fws_64197d75b66b8\" class=\"wpb_row vc_row-fluid vc_row vc_row-o-equal-height vc_row-flex vc_row-o-content-middle standard_section \" data-column-margin=\"default\" data-midnight=\"dark\" data-bg-mobile-hidden=\"\">\n<div class=\"col span_12 dark left\">\n<div class=\"vc_col-sm-4\/5 wpb_column column_container vc_column_container col no-extra-padding instance-3\" data-t-w-inherits=\"default\" data-border-radius=\"none\" data-shadow=\"none\" data-border-animation=\"\" data-border-animation-delay=\"\" data-border-width=\"none\" data-border-style=\"solid\" data-border-color=\"\" data-bg-cover=\"\" data-padding-pos=\"all\" data-has-bg-color=\"false\" data-bg-color=\"\" data-bg-opacity=\"1\" data-hover-bg=\"\" data-hover-bg-opacity=\"1\" data-animation=\"\" data-delay=\"0\">\n<div class=\"vc_column-inner\">\n<div class=\"wpb_wrapper\">\n<div class=\"wpb_text_column wpb_content_element \">\n<div class=\"wpb_wrapper\">\n<p><strong>WERKRADIO\u2019S<\/strong><\/p>\n<p>Perfectpro is een partner van Wecycle. Deze organistatie zorgt, mede in opdracht van Stichting Bruingoed, voor het inzamelen, afvoeren en hoogwaardig recycleren van de oude Perfectpro werkradio\u2019s.<\/p>\n<\/div>\n<\/div>\n<\/div>\n<\/div>\n<\/div>\n<\/div>\n<\/div>\n<div id=\"fws_64197d75b74c0\" class=\"wpb_row vc_row-fluid vc_row vc_row-o-equal-height vc_row-flex vc_row-o-content-middle standard_section \" data-column-margin=\"default\" data-midnight=\"dark\" data-bg-mobile-hidden=\"\">\n<div class=\"col span_12 dark left\">\n<div class=\"vc_col-sm-4\/5 wpb_column column_container vc_column_container col no-extra-padding instance-5\" data-t-w-inherits=\"default\" data-border-radius=\"none\" data-shadow=\"none\" data-border-animation=\"\" data-border-animation-delay=\"\" data-border-width=\"none\" data-border-style=\"solid\" data-border-color=\"\" data-bg-cover=\"\" data-padding-pos=\"all\" data-has-bg-color=\"false\" data-bg-color=\"\" data-bg-opacity=\"1\" data-hover-bg=\"\" data-hover-bg-opacity=\"1\" data-animation=\"\" data-delay=\"0\">\n<div class=\"vc_column-inner\">\n<div class=\"wpb_wrapper\">\n<div class=\"wpb_text_column wpb_content_element \">\n<div class=\"wpb_wrapper\">\n<p><strong>BATTERIJEN<\/strong><\/p>\n<p>Voor het verwerken van oude batterijen en accu\u2019s is Perfectpro aangesloten bij Stibat. Naast het afdragen van de verwijderings-bijdrage per product, verzamelt Perfectpro de oude batterijen en accu\u2019s t.b.v. een milieu-vriendelijke recyclage.<\/p>\n<\/div>\n<\/div>\n<\/div>\n<\/div>\n<\/div>\n<\/div>\n<\/div>\n[\/vc_column_text][\/toggle][toggle color=&#8221;Accent-Color&#8221; title=&#8221;Technische problemen&#8221;][vc_column_text]<span style=\"font-weight: 400;\">Wanneer er een technisch probleem met de radio is, raden wij altijd aan om contact op te nemen met de <a href=\"mailto:service@perfectpro.eu\">klantenservice<\/a><\/span><\/p>\n<p>Lees het garantiebeleid goed door. <b>LET OP!\u00a0<\/b>De garantie vervalt altijd zodra de behuizing van de radio is geopend of als er wijzigingen aan de radio zijn aangebracht.[\/vc_column_text][\/toggle][toggle color=&#8221;Accent-Color&#8221; title=&#8221;Garantie&#8221;][vc_column_text]<span style=\"font-weight: 400;\">Alle PerfectPro-radio\u2019s hebben een garantieperiode van 2 jaar, ingaande op de aankoopdatum.\u00a0<\/span><\/p>\n<p><span style=\"font-weight: 400;\">Binnen deze periode zal PerfectPro in geval van een materiaal-, ontwerp- of productiefout de kosten van reparatie, productuitwisseling en\/ of vervanging van de defecte onderdelen kosteloos voor haar rekening nemen.<\/span><\/p>\n<p><span style=\"font-weight: 400;\">De productgarantie van de bouwradio dekt geen;<\/span><\/p>\n<ol>\n<li style=\"font-weight: 400;\" aria-level=\"1\"><span style=\"font-weight: 400;\">Schade als gevolg van verkeerd gebruik, verkeerd gebruik, nalatigheid, onzorgvuldig gedrag, aangebrachte wijzigingen, ongevallen of ongeautoriseerde reparaties<\/span><\/li>\n<li style=\"font-weight: 400;\" aria-level=\"1\"><span style=\"font-weight: 400;\">Normale slijtage<\/span><\/li>\n<li style=\"font-weight: 400;\" aria-level=\"1\"><span style=\"font-weight: 400;\">Het breken of buigen van metalen telescopische antennes<\/span><\/li>\n<li style=\"font-weight: 400;\" aria-level=\"1\"><span style=\"font-weight: 400;\">Batterijen. Zie \u201c<\/span><a href=\"https:\/\/shop.perfectpro.eu\/de\/batterien-akkus\/\"><span style=\"font-weight: 400;\">Over Batterijen<\/span><\/a><span style=\"font-weight: 400;\">\u201c<\/span><\/li>\n<\/ol>\n<p><span style=\"font-weight: 400;\">Bij een garantieclaim dient de bouwradio samen met de originele factuur of een ander geldig aankoopbewijs (met producttype en aankoopdatum) ter beoordeling aan PerfectPro te worden aangeboden. De datum van aankoop is bepalend voor de garantietermijn van 2 jaar.\u00a0<\/span><\/p>\n<p><b>LET OP! <\/b><span style=\"font-weight: 400;\">De garantie vervalt altijd zodra de behuizing van de radio is geopend of als er wijzigingen aan de radio zijn aangebracht.<\/span>[\/vc_column_text][\/toggle][\/toggles][\/vc_column][\/vc_row][vc_row type=&#8221;in_container&#8221; full_screen_row_position=&#8221;middle&#8221; column_margin=&#8221;default&#8221; column_direction=&#8221;default&#8221; column_direction_tablet=&#8221;default&#8221; column_direction_phone=&#8221;default&#8221; scene_position=&#8221;center&#8221; text_color=&#8221;dark&#8221; text_align=&#8221;left&#8221; row_border_radius=&#8221;none&#8221; row_border_radius_applies=&#8221;bg&#8221; id=&#8221;faq-2&#8243; overlay_strength=&#8221;0.3&#8243; gradient_direction=&#8221;left_to_right&#8221; shape_divider_position=&#8221;bottom&#8221; bg_image_animation=&#8221;none&#8221; shape_type=&#8221;&#8221;][vc_column column_padding=&#8221;no-extra-padding&#8221; column_padding_tablet=&#8221;inherit&#8221; column_padding_phone=&#8221;inherit&#8221; column_padding_position=&#8221;all&#8221; background_color_opacity=&#8221;1&#8243; background_hover_color_opacity=&#8221;1&#8243; column_shadow=&#8221;none&#8221; column_border_radius=&#8221;none&#8221; column_link_target=&#8221;_self&#8221; gradient_direction=&#8221;left_to_right&#8221; overlay_strength=&#8221;0.3&#8243; width=&#8221;1\/3&#8243; tablet_width_inherit=&#8221;default&#8221; tablet_text_alignment=&#8221;default&#8221; phone_text_alignment=&#8221;default&#8221; column_border_width=&#8221;none&#8221; column_border_style=&#8221;solid&#8221; bg_image_animation=&#8221;none&#8221;][\/vc_column][vc_column column_padding=&#8221;no-extra-padding&#8221; column_padding_tablet=&#8221;inherit&#8221; column_padding_phone=&#8221;inherit&#8221; column_padding_position=&#8221;all&#8221; background_color_opacity=&#8221;1&#8243; background_hover_color_opacity=&#8221;1&#8243; column_shadow=&#8221;none&#8221; column_border_radius=&#8221;none&#8221; column_link_target=&#8221;_self&#8221; gradient_direction=&#8221;left_to_right&#8221; overlay_strength=&#8221;0.3&#8243; width=&#8221;2\/3&#8243; tablet_width_inherit=&#8221;default&#8221; tablet_text_alignment=&#8221;default&#8221; phone_text_alignment=&#8221;default&#8221; column_border_width=&#8221;none&#8221; column_border_style=&#8221;solid&#8221; bg_image_animation=&#8221;none&#8221;][divider line_type=&#8221;No Line&#8221; custom_height=&#8221;90&#8243; custom_height_tablet=&#8221;45&#8243; custom_height_phone=&#8221;45&#8243;][vc_column_text el_class=&#8221;fag-cat-heading&#8221;]\n<h4>PerfectPro accessoires<\/h4>\n[\/vc_column_text][toggles style=&#8221;minimal&#8221;][toggle color=&#8221;Accent-Color&#8221; title=&#8221;EarProtection | Koptelefoon&#8221;][vc_column_text]De EarProtection koptelefoon van PerfectPro is ontwikkeld om zowel uitstekend gehoorbescherming te bieden als het werkplezier verhogen door gemakkelijk naar muziek te kunnen luisteren met o.a. DAB+, FM of Bluetooth. Daarnaast kun je gemakkelijk draadloos via de telefoon met andere communiceren.<\/p>\n<ul>\n<li>Extreme gehoorbescherming (31 decibel)<\/li>\n<li>Bluetooth 5.1<\/li>\n<li>Ingebouwde lithiumbatterij<\/li>\n<li>Speelduur van 36-40 uur<\/li>\n<li>Uitgerust met oplaad- en aux-kabel<\/li>\n<li>IPX4<\/li>\n<\/ul>\n[\/vc_column_text][\/toggle][toggle color=&#8221;Accent-Color&#8221; title=&#8221;EarBuds | Oortjes&#8221;][vc_column_text]De EarBuds oortjes van PerfectPro zijn ontwikkeld voor ultiem draagcomfort, met o.a. verzwaarde nekband.<\/p>\n<ul>\n<li>Bluetooth 5.1<\/li>\n<li>Ingebouwde lithiumbatterij<\/li>\n<li>Speelduur van 12-14 uur<\/li>\n<\/ul>\n[\/vc_column_text][\/toggle][toggle color=&#8221;Accent-Color&#8221; title=&#8221;Antenne | DAB+\/FM Flexibel Antenne&#8221;][vc_column_text]\n<ul>\n<li>Flexibele, kunststof antenne<\/li>\n<li>Neerklapbaar<\/li>\n<li>Voor DAB+ en FM ontvangst<\/li>\n<li>Lengte 21cm<\/li>\n<\/ul>\n[\/vc_column_text][\/toggle][toggle color=&#8221;Accent-Color&#8221; title=&#8221;Antenne | DAB+\/FM Metaal&#8221;][vc_column_text]\n<ul>\n<li>Metalen, telescopische antenne<\/li>\n<li>Niet flexibel!<\/li>\n<li>Voor DAB+ en FM ontvangst<\/li>\n<li>Lengte 21 tot 75cm<\/li>\n<\/ul>\n[\/vc_column_text][\/toggle][\/toggles][\/vc_column][\/vc_row][vc_row type=&#8221;in_container&#8221; full_screen_row_position=&#8221;middle&#8221; column_margin=&#8221;default&#8221; column_direction=&#8221;default&#8221; column_direction_tablet=&#8221;default&#8221; column_direction_phone=&#8221;default&#8221; scene_position=&#8221;center&#8221; text_color=&#8221;dark&#8221; text_align=&#8221;left&#8221; row_border_radius=&#8221;none&#8221; row_border_radius_applies=&#8221;bg&#8221; id=&#8221;faq-3&#8243; overlay_strength=&#8221;0.3&#8243; gradient_direction=&#8221;left_to_right&#8221; shape_divider_position=&#8221;bottom&#8221; bg_image_animation=&#8221;none&#8221; shape_type=&#8221;&#8221;][vc_column column_padding=&#8221;no-extra-padding&#8221; column_padding_tablet=&#8221;inherit&#8221; column_padding_phone=&#8221;inherit&#8221; column_padding_position=&#8221;all&#8221; background_color_opacity=&#8221;1&#8243; background_hover_color_opacity=&#8221;1&#8243; column_shadow=&#8221;none&#8221; column_border_radius=&#8221;none&#8221; column_link_target=&#8221;_self&#8221; gradient_direction=&#8221;left_to_right&#8221; overlay_strength=&#8221;0.3&#8243; width=&#8221;1\/3&#8243; tablet_width_inherit=&#8221;default&#8221; tablet_text_alignment=&#8221;default&#8221; phone_text_alignment=&#8221;default&#8221; column_border_width=&#8221;none&#8221; column_border_style=&#8221;solid&#8221; bg_image_animation=&#8221;none&#8221;][\/vc_column][vc_column column_padding=&#8221;no-extra-padding&#8221; column_padding_tablet=&#8221;inherit&#8221; column_padding_phone=&#8221;inherit&#8221; column_padding_position=&#8221;all&#8221; background_color_opacity=&#8221;1&#8243; background_hover_color_opacity=&#8221;1&#8243; column_shadow=&#8221;none&#8221; column_border_radius=&#8221;none&#8221; column_link_target=&#8221;_self&#8221; gradient_direction=&#8221;left_to_right&#8221; overlay_strength=&#8221;0.3&#8243; width=&#8221;2\/3&#8243; tablet_width_inherit=&#8221;default&#8221; tablet_text_alignment=&#8221;default&#8221; phone_text_alignment=&#8221;default&#8221; column_border_width=&#8221;none&#8221; column_border_style=&#8221;solid&#8221; bg_image_animation=&#8221;none&#8221;][divider line_type=&#8221;No Line&#8221; custom_height=&#8221;90&#8243; custom_height_tablet=&#8221;45&#8243; custom_height_phone=&#8221;45&#8243;][vc_column_text el_class=&#8221;fag-cat-heading&#8221;]\n<h4>PerfectPro batterijen en accu&#8217;s<\/h4>\n[\/vc_column_text][toggles style=&#8221;minimal&#8221;][toggle color=&#8221;Accent-Color&#8221; title=&#8221;Worden de NiMH-batterijen opgeladen geleverd?&#8221;][vc_column_text]<span style=\"font-weight: 400;\">Alle PerfectPro-batterijen worden standaard opgeladen geleverd<\/span>[\/vc_column_text][\/toggle][toggle color=&#8221;Accent-Color&#8221; title=&#8221;Hoe lang gaat de NiMH-batterij van een PerfectPro bouwradio mee?&#8221;][vc_column_text]<span style=\"font-weight: 400;\">Dit hangt af van de grootte van de NiMH-batterij en het gebruik van de radio. PerfectPro bouwradio&#8217;s hebben een speelduur van 1 a 2 werkdagen.\u00a0<\/span><\/p>\n<p><span style=\"font-weight: 400;\">Onze radio\u2019s laden de NiMH-batterijen automatisch op met de ingebouwde oplader. Steek de stekker in een stopcontact en de radio werkt als een oplader.\u00a0<\/span><\/p>\n<p><strong>LET OP:<\/strong> Alle batterijen dienen dezelfde waardes te hebben, de laders zien het geheel als 1 pakket in plaats van afzonderlijke batterijen. Als er 1 mindere batterij tussen zit heeft dit invloed op de gehele capaciteit.[\/vc_column_text][\/toggle][toggle color=&#8221;Accent-Color&#8221; title=&#8221;Kan ik ook andere batterijmerken gebruiken in mijn PerfectPro-radio?&#8221;][vc_column_text]<span style=\"font-weight: 400;\">Dit kan, maar raden wij sterk af. Onze NiMH-batterijen zijn specifiek ontworpen voor optimaal gebruik in onze radio\u2019s<\/span><\/p>\n<p><strong>Let op!<\/strong> Wanneer je geen NiMH-batterijen maar Niet Oplaadbare Batterijen gebruikt moet je altijd de &#8220;Internal Battery Switch&#8221;-knop omzetten van &#8220;charger&#8221; naar &#8220;batteries&#8221;![\/vc_column_text][\/toggle][toggle color=&#8221;Accent-Color&#8221; title=&#8221;Kan ik PerfectPro-batterijen in andere elektronische producten gebruiken?&#8221;][vc_column_text]<span style=\"font-weight: 400;\">Ja, dit kan zeker. Onze batterijen zijn, ondanks hun kracht, universeel in gebruik met andere elektronische apparaten. We raden het echter niet aan om andere batterijen in onze radio\u2019s te gebruiken<\/span>[\/vc_column_text][\/toggle][toggle color=&#8221;Accent-Color&#8221; title=&#8221;Welke soorten accu\u2019s zijn er voor PerfectPro-radio\u2019s?&#8221;][vc_column_text]<span style=\"font-weight: 400;\">Een deel van onze collectie heeft een ingebouwde lithium-accu. Daarnaast hebben we twee radio\u2019s op twee Bosch 18V universele accusystemen; AMPShare en Power For All Alliance. <\/span>[\/vc_column_text][\/toggle][toggle color=&#8221;Accent-Color&#8221; title=&#8221;Is een ingebouwde lithium-accu niet onveilig?&#8221;][vc_column_text]<span style=\"font-weight: 400;\">Nee, onze radio\u2019s zijn jarenlang getest en doorontwikkeld met oog op veiligheid<\/span>[\/vc_column_text][\/toggle][toggle color=&#8221;Accent-Color&#8221; title=&#8221;Wat is het Bosch Pro 18V AMPShare accusysteem?&#8221;][vc_column_text]<span style=\"font-weight: 400;\">AMPShare &#8211; powered by Bosch is het gedeelde accusysteem van meerdere merken voor de professionele vakman. Met slechts \u00e9\u00e9n gedeeld accusysteem heb je de flexibiliteit om &#8211; zonder te hoeven nadenken &#8211; te wisselen tussen professionele machines en merken. Met meer dan 80 miljoen verkochte accu&#8217;s en een snel groeiend netwerk is AMPShare het 18V-accusysteem waar je van op aan kunt.<\/span>[\/vc_column_text][\/toggle][toggle color=&#8221;Accent-Color&#8221; title=&#8221;Wat is het Bosch H&amp;G 18V Power For All Alliance accusysteem?&#8221;][vc_column_text]<span style=\"font-weight: 400;\">De Power For All Alliance is het gedeelde accusysteem van meerdere merken voor de Home &amp; Garden sector. Naar verwachting zullen begin 2023 meer dan 30 miljoen \u201cPower for All\u201d-accu\u2019s van het merk Bosch op de markt zijn \u2013 deze 18 volt-accu\u2019s zijn sinds 2007 universeel compatibel.<\/span>[\/vc_column_text][\/toggle][toggle color=&#8221;Accent-Color&#8221; title=&#8221;Onderhoudsadvies&#8221;][vc_column_text]We raden aan om regelmatig het batterijen-compartiment te controleren op eventueel lekken en\/ of corrosie op de batterijen.[\/vc_column_text][\/toggle][toggle color=&#8221;Accent-Color&#8221; title=&#8221;Garantie&#8221;][vc_column_text]<span style=\"font-weight: 400;\">PerfectPro batterijen worden tijdens en na de productie zorgvuldig getest en gecontroleerd. Omdat batterijen verbruiksartikelen zijn, hebben deze niet dezelfde garantie als bouwradio&#8217;s.<\/span><\/p>\n<p><span style=\"font-weight: 400;\">PerfectPro geeft op de PerfectPro accu&#8217;s een productiegarantie met een garantieperiode van 1 jaar na aankoop. Binnen deze periode dekt PerfectPro de kosten van vervanging van het product in het geval van een materiaal-, ontwerp- of productiefout.<\/span><\/p>\n<p><span style=\"font-weight: 400;\">De garantie op het batterijen biedt geen dekking voor:<\/span><\/p>\n<ol>\n<li style=\"font-weight: 400;\" aria-level=\"1\"><span style=\"font-weight: 400;\">Schade als gevolg van oneigenlijk gebruik, verkeerd gebruik, nalatigheid, nalatig gedrag, aangebrachte wijzigingen of ongevallen\u00a0<\/span><\/li>\n<li style=\"font-weight: 400;\" aria-level=\"1\"><span style=\"font-weight: 400;\">Normale slijtage<\/span><\/li>\n<\/ol>\n<p><span style=\"font-weight: 400;\">Bij een garantieclaim dienen de accu&#8217;s samen met de bouwplaatsradio* met de originele factuur of ander geldig aankoopbewijs (met producttype en aankoopdatum) ter beoordeling aan PerfectPro te worden aangeboden. De datum van aankoop bepaalt de garantieperiode. De garantieprocedure loopt via uw PerfectPro dealer.<\/span><\/p>\n<p><i><span style=\"font-weight: 400;\">* De reden is dat er mogelijk een probleem met de batterijen is ontstaan \u200b\u200bals gevolg van een defect aan de radio, bijvoorbeeld een defecte oplader.<\/span><\/i>[\/vc_column_text][\/toggle][\/toggles][\/vc_column][\/vc_row][vc_row type=&#8221;in_container&#8221; full_screen_row_position=&#8221;middle&#8221; column_margin=&#8221;default&#8221; column_direction=&#8221;default&#8221; column_direction_tablet=&#8221;default&#8221; column_direction_phone=&#8221;default&#8221; scene_position=&#8221;center&#8221; text_color=&#8221;dark&#8221; text_align=&#8221;left&#8221; row_border_radius=&#8221;none&#8221; row_border_radius_applies=&#8221;bg&#8221; id=&#8221;faq-4&#8243; overlay_strength=&#8221;0.3&#8243; gradient_direction=&#8221;left_to_right&#8221; shape_divider_position=&#8221;bottom&#8221; bg_image_animation=&#8221;none&#8221; shape_type=&#8221;&#8221;][vc_column column_padding=&#8221;no-extra-padding&#8221; column_padding_tablet=&#8221;inherit&#8221; column_padding_phone=&#8221;inherit&#8221; column_padding_position=&#8221;all&#8221; background_color_opacity=&#8221;1&#8243; background_hover_color_opacity=&#8221;1&#8243; column_shadow=&#8221;none&#8221; column_border_radius=&#8221;none&#8221; column_link_target=&#8221;_self&#8221; gradient_direction=&#8221;left_to_right&#8221; overlay_strength=&#8221;0.3&#8243; width=&#8221;1\/3&#8243; tablet_width_inherit=&#8221;default&#8221; tablet_text_alignment=&#8221;default&#8221; phone_text_alignment=&#8221;default&#8221; column_border_width=&#8221;none&#8221; column_border_style=&#8221;solid&#8221; bg_image_animation=&#8221;none&#8221;][\/vc_column][vc_column column_padding=&#8221;no-extra-padding&#8221; column_padding_tablet=&#8221;inherit&#8221; column_padding_phone=&#8221;inherit&#8221; column_padding_position=&#8221;all&#8221; background_color_opacity=&#8221;1&#8243; background_hover_color_opacity=&#8221;1&#8243; column_shadow=&#8221;none&#8221; column_border_radius=&#8221;none&#8221; column_link_target=&#8221;_self&#8221; gradient_direction=&#8221;left_to_right&#8221; overlay_strength=&#8221;0.3&#8243; width=&#8221;2\/3&#8243; tablet_width_inherit=&#8221;default&#8221; tablet_text_alignment=&#8221;default&#8221; phone_text_alignment=&#8221;default&#8221; column_border_width=&#8221;none&#8221; column_border_style=&#8221;solid&#8221; bg_image_animation=&#8221;none&#8221;][divider line_type=&#8221;No Line&#8221; custom_height=&#8221;90&#8243; custom_height_tablet=&#8221;45&#8243; custom_height_phone=&#8221;45&#8243;][vc_column_text el_class=&#8221;fag-cat-heading&#8221;]\n<h4>Over PerfectPro<\/h4>\n[\/vc_column_text][toggles style=&#8221;minimal&#8221;][toggle color=&#8221;Accent-Color&#8221; title=&#8221;Over ons&#8221;][vc_column_text]<span style=\"font-weight: 400;\">PerfectPro is wereldwijd d\u00e9 specialist en koploper in innovatie op het gebied van bouwradio&#8217;s en biedt het breedste assortiment audio-gereedschap voor professionals.\u00a0<\/span><\/p>\n<p><span style=\"font-weight: 400;\">Dit omvat niet alleen traditionele vakmensen, maar ook straatwerkers, schilders, boeren, elektriciens, loodgieters en buitenliefhebbers die allemaal werken onder ruige omstandigheden en de voordelen waarderen van hoogwaardig professioneel gereedschap, maar verschillende audio-behoeften hebben.\u00a0<\/span><\/p>\n<p><span style=\"font-weight: 400;\">PerfectPro ontwerpt en produceert premium professioneel audio-gereedschap met de hoogste HiFi-standaarden. Dit doen we samen met de beste en meest innovatieve fabrieken ter wereld.<\/span><\/p>\n<p><span style=\"font-weight: 400;\">Bij PerfectPro cre\u00ebren we doelgerichte en duurzame productlijnen voor de lange termijn, geen tijdelijke modetrends. Elk product is jarenlang getest onder ruige omstandigheden door Noordwest-Europese vakmensen. Elk product wordt jaar na jaar van binnen en van buiten verbeterd, waardoor ze steeds beter worden.<\/span>[\/vc_column_text][\/toggle][toggle color=&#8221;Accent-Color&#8221; title=&#8221;Geschiedenis&#8221;][vc_column_text]<span style=\"font-weight: 400;\">In het begin van de jaren 2000 introduceerde DeWalt als eerste bedrijf een merk-geori\u00ebnteerde bouwradio. Kort na de introductie herkenden de oprichters van PerfectPro, een audio-deskundige die in een rockband speelde en een voormalig DeWalt-bestuurder, het potentieel en richtten PerfectPro op in 2004.\u00a0<\/span><\/p>\n<p><span style=\"font-weight: 400;\">PerfectPro groeide al snel uit tot de gevestigde leverancier van bouwradio&#8217;s in de Benelux en bediende de rest van de wereld door de bouwradio&#8217;s te maken voor het merk-assortiment van powertool-merken.\u00a0<\/span><\/p>\n<p><span style=\"font-weight: 400;\">Momenteel werkt PerfectPro aan de uitbreiding van het eigen merk-assortiment internationaal, het verminderen van hoge overheadkosten en het toevoegen van meer kwaliteit aan het product zelf, terwijl een eerlijke prijs wordt gehandhaafd.<\/span>[\/vc_column_text][\/toggle][toggle color=&#8221;Accent-Color&#8221; title=&#8221;Kwaliteit&#8221;][vc_column_text]<span style=\"font-weight: 400;\">Het enige wat we de afgelopen decennia hebben gedaan is bouwradio&#8217;s maken tot in de perfectie, voor onszelf en voor grotere powertool-merken, waardoor we een steeds beter assortiment van audiotools cre\u00ebren. We hebben al onze knowhow in het &#8220;Perfect Professional&#8221; assortiment van audiotools<\/span>[\/vc_column_text][\/toggle][toggle color=&#8221;Accent-Color&#8221; title=&#8221;Contact&#8221;][vc_column_text]Je kunt contact opnemen door een e-mail te sturen naar <a href=\"mailto:info@perfectpro.eu\">info@perfectpro.eu<\/a>, of door te bellen naar <a href=\"callto:+31162480272\">\u00a0+ 31 162 480272<\/a>[\/vc_column_text][\/toggle][\/toggles][\/vc_column][\/vc_row][vc_row type=&#8221;in_container&#8221; full_screen_row_position=&#8221;middle&#8221; column_margin=&#8221;default&#8221; column_direction=&#8221;default&#8221; column_direction_tablet=&#8221;default&#8221; column_direction_phone=&#8221;default&#8221; scene_position=&#8221;center&#8221; text_color=&#8221;dark&#8221; text_align=&#8221;left&#8221; row_border_radius=&#8221;none&#8221; row_border_radius_applies=&#8221;bg&#8221; zindex=&#8221;1000&#8243; id=&#8221;faq-5&#8243; overlay_strength=&#8221;0.3&#8243; gradient_direction=&#8221;left_to_right&#8221; shape_divider_position=&#8221;bottom&#8221; bg_image_animation=&#8221;none&#8221; shape_type=&#8221;&#8221;][vc_column column_padding=&#8221;no-extra-padding&#8221; column_padding_tablet=&#8221;inherit&#8221; column_padding_phone=&#8221;inherit&#8221; column_padding_position=&#8221;all&#8221; background_color_opacity=&#8221;1&#8243; background_hover_color_opacity=&#8221;1&#8243; column_shadow=&#8221;none&#8221; column_border_radius=&#8221;none&#8221; column_link_target=&#8221;_self&#8221; gradient_direction=&#8221;left_to_right&#8221; overlay_strength=&#8221;0.3&#8243; width=&#8221;1\/3&#8243; tablet_width_inherit=&#8221;default&#8221; tablet_text_alignment=&#8221;default&#8221; phone_text_alignment=&#8221;default&#8221; column_border_width=&#8221;none&#8221; column_border_style=&#8221;solid&#8221; bg_image_animation=&#8221;none&#8221;][\/vc_column][vc_column column_padding=&#8221;no-extra-padding&#8221; column_padding_tablet=&#8221;inherit&#8221; column_padding_phone=&#8221;inherit&#8221; column_padding_position=&#8221;all&#8221; background_color_opacity=&#8221;1&#8243; background_hover_color_opacity=&#8221;1&#8243; column_shadow=&#8221;none&#8221; column_border_radius=&#8221;none&#8221; column_link_target=&#8221;_self&#8221; gradient_direction=&#8221;left_to_right&#8221; overlay_strength=&#8221;0.3&#8243; width=&#8221;2\/3&#8243; tablet_width_inherit=&#8221;default&#8221; tablet_text_alignment=&#8221;default&#8221; phone_text_alignment=&#8221;default&#8221; column_border_width=&#8221;none&#8221; column_border_style=&#8221;solid&#8221; bg_image_animation=&#8221;none&#8221;][divider line_type=&#8221;No Line&#8221; custom_height=&#8221;90&#8243; custom_height_tablet=&#8221;45&#8243; custom_height_phone=&#8221;45&#8243;][vc_column_text el_class=&#8221;fag-cat-heading&#8221;]\n<h4><b>VERZENDING EN LEVERING<\/b><\/h4>\n[\/vc_column_text][toggles style=&#8221;minimal&#8221;][toggle color=&#8221;Accent-Color&#8221; title=&#8221;Wat zijn de verzendkosten?&#8221;][vc_column_text]Wij hanteren gratis verzending bij bestellingen boven \u20ac50,-[\/vc_column_text][\/toggle][toggle color=&#8221;Accent-Color&#8221; title=&#8221;Wat zijn de verzendopties?&#8221;][vc_column_text]<span style=\"font-weight: 400;\">In Nederland worden alle verzendingen verstuurt via DHL<\/span>[\/vc_column_text][\/toggle][\/toggles][\/vc_column][\/vc_row][vc_row type=&#8221;in_container&#8221; full_screen_row_position=&#8221;middle&#8221; column_margin=&#8221;default&#8221; column_direction=&#8221;default&#8221; column_direction_tablet=&#8221;default&#8221; column_direction_phone=&#8221;default&#8221; scene_position=&#8221;center&#8221; text_color=&#8221;dark&#8221; text_align=&#8221;left&#8221; row_border_radius=&#8221;none&#8221; row_border_radius_applies=&#8221;bg&#8221; id=&#8221;faq-6&#8243; overlay_strength=&#8221;0.3&#8243; gradient_direction=&#8221;left_to_right&#8221; shape_divider_position=&#8221;bottom&#8221; bg_image_animation=&#8221;none&#8221; shape_type=&#8221;&#8221;][vc_column column_padding=&#8221;no-extra-padding&#8221; column_padding_tablet=&#8221;inherit&#8221; column_padding_phone=&#8221;inherit&#8221; column_padding_position=&#8221;all&#8221; background_color_opacity=&#8221;1&#8243; background_hover_color_opacity=&#8221;1&#8243; column_shadow=&#8221;none&#8221; column_border_radius=&#8221;none&#8221; column_link_target=&#8221;_self&#8221; gradient_direction=&#8221;left_to_right&#8221; overlay_strength=&#8221;0.3&#8243; width=&#8221;1\/3&#8243; tablet_width_inherit=&#8221;default&#8221; tablet_text_alignment=&#8221;default&#8221; phone_text_alignment=&#8221;default&#8221; column_border_width=&#8221;none&#8221; column_border_style=&#8221;solid&#8221; bg_image_animation=&#8221;none&#8221;][\/vc_column][vc_column column_padding=&#8221;no-extra-padding&#8221; column_padding_tablet=&#8221;inherit&#8221; column_padding_phone=&#8221;inherit&#8221; column_padding_position=&#8221;all&#8221; background_color_opacity=&#8221;1&#8243; background_hover_color_opacity=&#8221;1&#8243; column_shadow=&#8221;none&#8221; column_border_radius=&#8221;none&#8221; column_link_target=&#8221;_self&#8221; gradient_direction=&#8221;left_to_right&#8221; overlay_strength=&#8221;0.3&#8243; width=&#8221;2\/3&#8243; tablet_width_inherit=&#8221;default&#8221; tablet_text_alignment=&#8221;default&#8221; phone_text_alignment=&#8221;default&#8221; column_border_width=&#8221;none&#8221; column_border_style=&#8221;solid&#8221; bg_image_animation=&#8221;none&#8221;][divider line_type=&#8221;No Line&#8221; custom_height=&#8221;90&#8243; custom_height_tablet=&#8221;45&#8243; custom_height_phone=&#8221;45&#8243;][vc_column_text el_class=&#8221;fag-cat-heading&#8221;]\n<h4><b>RETOURNEREN<\/b><\/h4>\n[\/vc_column_text][toggles style=&#8221;minimal&#8221;][toggle color=&#8221;Accent-Color&#8221; title=&#8221;Hoe kan ik mijn bestelling retourneren?&#8221;][vc_column_text]<span style=\"font-weight: 400;\">Binnen 14 dagen na aankoop van het product kun je het product gratis retourneren. Stuur een e-mail naar <\/span><a href=\"mailto:info@perfectpro.eu\"><span style=\"font-weight: 400;\">info@perfectpro.eu<\/span><\/a><span style=\"font-weight: 400;\"> om je retourlabel en retourformulier te ontvangen, deze wordt momenteel niet direct meegeleverd met de bestelling<\/span><\/p>\n<p>1. Stuur een e-mail met hierin je bestelnummer\/ order ID en naam<br \/>\n2. Ontvang jouw verzendlabel voor je retour via e-mail<br \/>\n3. Print het label en plak het op je retourpakket. Zorg dat er geen andere labels zichtbaar zijn<br \/>\n[\/vc_column_text][\/toggle][toggle color=&#8221;Accent-Color&#8221; title=&#8221;Waar geef ik mijn retourpakket af?&#8221;][vc_column_text]Je kunt je pakket op verschillende manieren retour sturen:<\/p>\n<ul>\n<li>Meegeven aan de bezorger. Zorg dat je een verzendlabel voor retour op je pakket hebt geplakt, en dat er geen andere labels zichtbaar zijn<\/li>\n<li>Afgeven bij een DHL-punt of pakketautomaat in jouw buurt<\/li>\n<\/ul>\n[\/vc_column_text][\/toggle][toggle color=&#8221;Accent-Color&#8221; title=&#8221;Wat is het retourbeleid?&#8221;][vc_column_text]<span style=\"font-weight: 400;\">Na aankoop van een product kun je deze altijd binnen 14 dagen gratis retourneren<\/span>[\/vc_column_text][\/toggle][toggle color=&#8221;Default&#8221; title=&#8221;Hoe werkt de terugbetaling?&#8221;][vc_column_text]<span style=\"font-weight: 400;\">Zodra wij het geretourneerde product hebben ontvangen wordt het aankoopbedrag direct teruggestort<\/span><span style=\"font-weight: 400;\"><br \/>\n<\/span>[\/vc_column_text][\/toggle][toggle color=&#8221;Default&#8221; title=&#8221;Wanneer kan ik mijn aankoopbedrag terug verwachten?&#8221;][vc_column_text]<span style=\"font-weight: 400;\">Dit is afhankelijk van welke bank je hebt, welke betaalmethode gebruikt is en wanneer het retourpakket bij ons is aangekomen en verwerkt. Gemiddeld duurt dit 1 tot 3 werkdagen<\/span><\/p>\n<p><span style=\"font-weight: 400;\">\u00a0<\/span>[\/vc_column_text][\/toggle][\/toggles][\/vc_column][\/vc_row][vc_row type=&#8221;in_container&#8221; full_screen_row_position=&#8221;middle&#8221; column_margin=&#8221;default&#8221; column_direction=&#8221;default&#8221; column_direction_tablet=&#8221;default&#8221; column_direction_phone=&#8221;default&#8221; scene_position=&#8221;center&#8221; text_color=&#8221;dark&#8221; text_align=&#8221;left&#8221; row_border_radius=&#8221;none&#8221; row_border_radius_applies=&#8221;bg&#8221; id=&#8221;faq-7&#8243; overlay_strength=&#8221;0.3&#8243; gradient_direction=&#8221;left_to_right&#8221; shape_divider_position=&#8221;bottom&#8221; bg_image_animation=&#8221;none&#8221; shape_type=&#8221;&#8221;][vc_column column_padding=&#8221;no-extra-padding&#8221; column_padding_tablet=&#8221;inherit&#8221; column_padding_phone=&#8221;inherit&#8221; column_padding_position=&#8221;all&#8221; background_color_opacity=&#8221;1&#8243; background_hover_color_opacity=&#8221;1&#8243; column_shadow=&#8221;none&#8221; column_border_radius=&#8221;none&#8221; column_link_target=&#8221;_self&#8221; gradient_direction=&#8221;left_to_right&#8221; overlay_strength=&#8221;0.3&#8243; width=&#8221;1\/3&#8243; tablet_width_inherit=&#8221;default&#8221; tablet_text_alignment=&#8221;default&#8221; phone_text_alignment=&#8221;default&#8221; column_border_width=&#8221;none&#8221; column_border_style=&#8221;solid&#8221; bg_image_animation=&#8221;none&#8221;][\/vc_column][vc_column column_padding=&#8221;no-extra-padding&#8221; column_padding_tablet=&#8221;inherit&#8221; column_padding_phone=&#8221;inherit&#8221; column_padding_position=&#8221;all&#8221; background_color_opacity=&#8221;1&#8243; background_hover_color_opacity=&#8221;1&#8243; column_shadow=&#8221;none&#8221; column_border_radius=&#8221;none&#8221; column_link_target=&#8221;_self&#8221; gradient_direction=&#8221;left_to_right&#8221; overlay_strength=&#8221;0.3&#8243; width=&#8221;2\/3&#8243; tablet_width_inherit=&#8221;default&#8221; tablet_text_alignment=&#8221;default&#8221; phone_text_alignment=&#8221;default&#8221; column_border_width=&#8221;none&#8221; column_border_style=&#8221;solid&#8221; bg_image_animation=&#8221;none&#8221;][divider line_type=&#8221;No Line&#8221; custom_height=&#8221;90&#8243; custom_height_tablet=&#8221;45&#8243; custom_height_phone=&#8221;45&#8243;][vc_column_text el_class=&#8221;fag-cat-heading&#8221;]\n<h4><b>BESTELLINGEN<\/b><\/h4>\n[\/vc_column_text][toggles style=&#8221;minimal&#8221;][toggle color=&#8221;Accent-Color&#8221; title=&#8221;Hoe kan ik zien waar mijn bestelling is?&#8221;][vc_column_text]<span style=\"font-weight: 400;\">Na het plaatsen van een bestelling ontvang je via e-mail een Track&amp;Trace nummer. Hiermee kun je altijd zien waar je pakket is en wanneer de verwachte bezorging is<\/span>[\/vc_column_text][\/toggle][toggle color=&#8221;Accent-Color&#8221; title=&#8221;Kan ik mijn bestelling wijzigen?&#8221;][vc_column_text]<span style=\"font-weight: 400;\">Na het plaatsen van een bestelling is het niet meer mogelijk om deze te wijzigen<\/span>[\/vc_column_text][\/toggle][toggle color=&#8221;Accent-Color&#8221; title=&#8221;Wat zijn de betalingsmogelijkheden?&#8221;][vc_column_text]<span style=\"font-weight: 400;\">In Nederland kun je betalen met iDeal, Apple Pay, Creditcard, VISA of PayPal<\/span><span style=\"font-weight: 400;\"><br \/>\n<\/span>[\/vc_column_text][\/toggle][toggle color=&#8221;Accent-Color&#8221; title=&#8221;Problemen met bestellen?&#8221;][vc_column_text]<span style=\"font-weight: 400;\">Wanneer bestellen niet lukt raden wij de volgende stappen aan;<\/span><\/p>\n<ol>\n<li style=\"font-weight: 400;\" aria-level=\"1\"><span style=\"font-weight: 400;\">Verwijder de cookies van de browser en probeer het opnieuw<\/span><\/li>\n<li style=\"font-weight: 400;\" aria-level=\"1\"><span style=\"font-weight: 400;\">Probeer het product te bestellen via een andere browser of op een ander apparaat<\/span><\/li>\n<li style=\"font-weight: 400;\" aria-level=\"1\"><span style=\"font-weight: 400;\">Probeer het op een later tijdstip opnieuw<\/span><\/li>\n<\/ol>\n<p><span style=\"font-weight: 400;\">Wanneer bestellen alsnog niet lukt, neem dan contact op met onze <\/span><a href=\"mailto:info@perfectpro.eu\"><span style=\"font-weight: 400;\">klantenservice<\/span><\/a><\/p>\n<p><span style=\"font-weight: 400;\">\u00a0<\/span>[\/vc_column_text][\/toggle][toggle color=&#8221;Accent-Color&#8221; title=&#8221;Geen orderbevestiging ontvang?&#8221;][vc_column_text]<span style=\"font-weight: 400;\">Controleer eerst of de orderbevestiging niet in de spambox is belandt. Heb je na een uur nog steeds geen orderbevestiging ontvangen? Neem dan contact op met onze <\/span><a href=\"mailto:info@perfectpro.eu\"><span style=\"font-weight: 400;\">klantenservice<\/span><\/a>[\/vc_column_text][\/toggle][toggle color=&#8221;Accent-Color&#8221; title=&#8221;Bestelling annuleren?&#8221;][vc_column_text]<span style=\"font-weight: 400;\">Na het plaatsen van je bestelling wordt deze direct verwerkt. Na voltooiing van de bestelling is het niet meer mogelijk om deze te annuleren. Mocht je de bestelling toch willen annuleren, neem dan contact op met onze <\/span><a href=\"mailto:info@perfectpro.eu\"><span style=\"font-weight: 400;\">klantenservice<\/span><\/a><span style=\"font-weight: 400;\"> om te kijken wat de mogelijkheden zijn<\/span>[\/vc_column_text][\/toggle][\/toggles][\/vc_column][\/vc_row][vc_row type=&#8221;in_container&#8221; full_screen_row_position=&#8221;middle&#8221; column_margin=&#8221;default&#8221; column_direction=&#8221;default&#8221; column_direction_tablet=&#8221;default&#8221; column_direction_phone=&#8221;default&#8221; scene_position=&#8221;center&#8221; text_color=&#8221;dark&#8221; text_align=&#8221;left&#8221; row_border_radius=&#8221;none&#8221; row_border_radius_applies=&#8221;bg&#8221; id=&#8221;faq-8&#8243; overlay_strength=&#8221;0.3&#8243; gradient_direction=&#8221;left_to_right&#8221; shape_divider_position=&#8221;bottom&#8221; bg_image_animation=&#8221;none&#8221; shape_type=&#8221;&#8221;][vc_column column_padding=&#8221;no-extra-padding&#8221; column_padding_tablet=&#8221;inherit&#8221; column_padding_phone=&#8221;inherit&#8221; column_padding_position=&#8221;all&#8221; background_color_opacity=&#8221;1&#8243; background_hover_color_opacity=&#8221;1&#8243; column_shadow=&#8221;none&#8221; column_border_radius=&#8221;none&#8221; column_link_target=&#8221;_self&#8221; gradient_direction=&#8221;left_to_right&#8221; overlay_strength=&#8221;0.3&#8243; width=&#8221;1\/3&#8243; tablet_width_inherit=&#8221;default&#8221; tablet_text_alignment=&#8221;default&#8221; phone_text_alignment=&#8221;default&#8221; column_border_width=&#8221;none&#8221; column_border_style=&#8221;solid&#8221; bg_image_animation=&#8221;none&#8221;][\/vc_column][vc_column column_padding=&#8221;no-extra-padding&#8221; column_padding_tablet=&#8221;inherit&#8221; column_padding_phone=&#8221;inherit&#8221; column_padding_position=&#8221;all&#8221; background_color_opacity=&#8221;1&#8243; background_hover_color_opacity=&#8221;1&#8243; column_shadow=&#8221;none&#8221; column_border_radius=&#8221;none&#8221; column_link_target=&#8221;_self&#8221; gradient_direction=&#8221;left_to_right&#8221; overlay_strength=&#8221;0.3&#8243; width=&#8221;2\/3&#8243; tablet_width_inherit=&#8221;default&#8221; tablet_text_alignment=&#8221;default&#8221; phone_text_alignment=&#8221;default&#8221; column_border_width=&#8221;none&#8221; column_border_style=&#8221;solid&#8221; bg_image_animation=&#8221;none&#8221;][divider line_type=&#8221;No Line&#8221; custom_height=&#8221;90&#8243; custom_height_tablet=&#8221;45&#8243; custom_height_phone=&#8221;45&#8243;][vc_column_text el_class=&#8221;fag-cat-heading&#8221;]\n<h4>AMPShare &#8211; Powered by Bosch Professional<\/h4>\n[\/vc_column_text][toggles style=&#8221;minimal&#8221;][toggle color=&#8221;Accent-Color&#8221; title=&#8221;Wat is AMPShare?&#8221;][vc_column_text]AMPShare is het gedeelde accusysteem van meerdere merken dat jou de flexibiliteit biedt om te wisselen tussen professionele machines en merken, zonder van accu te wisselen. AMPShare-accu&#8217;s zijn verkrijgbaar in verschillende maten en vermogens, en maken het eenvoudiger om zonder te hoeven nadenken machines van verschillende merken te gebruiken. AMPShare-accutechnologie is gebaseerd op het Professional 18V System van Bosch Professional: doordat er al meer dan 80 miljoen accu&#8217;s zijn verkocht en er elk jaar nieuwe merken bij komen, is dit het accusysteem waar je van op aan kunt.[\/vc_column_text][\/toggle][toggle color=&#8221;Accent-Color&#8221; title=&#8221;Welke voordelen biedt AMPShare?&#8221;][vc_column_text]AMPShare bespaart jou tijd, geld, ruimte en inspanning bij al je professionele klussen. Nooit meer zoeken naar de \u201cjuiste\u201d accu of rondsjouwen met verschillende accu&#8217;s en laders in je gereedschapskist. AMPShare biedt de zekerheid dat \u00e9\u00e9n accu past op alle machines. De voordelen voor jou: minder chaos, minder gewicht en lagere kosten. Dankzij \u00e9\u00e9n volledig compatibel 18V-accusysteem voor meerdere merken en machines kun je eenvoudig je machineverzameling uitbreiden met nieuwe machines van merken die zich bij AMPShare hebben aangesloten, zonder aanschaf van nieuwe accu&#8217;s.[\/vc_column_text][\/toggle][toggle color=&#8221;Accent-Color&#8221; title=&#8221;Op welke technologie is AMPShare gebaseerd?&#8221;][vc_column_text]AMPShare-accu&#8217;s maken gebruik van toonaangevende accutechnologie van Bosch Professional en hebben een uitstekende staat van dienst voor zware toepassingen en voor lange looptijden dankzij een uitstekend hittemanagement. Met AMPShare kun je zelfs beschikken over een zeer krachtige reeks ProCORE18V-accu&#8217;s die speciaal zijn ontwikkel voor jouw meest uitdagende klussen \u2013 en over laders met de kortst mogelijke laadtijden.[\/vc_column_text][\/toggle][toggle color=&#8221;Accent-Color&#8221; title=&#8221;Wat is ProCORE18V precies?&#8221;][vc_column_text]ProCORE18V is een reeks zeer krachtige 18V-accu&#8217;s die een extreem hoog vermogen leveren, maar in de meer compact ontwerp. Zo leveren ProCORE18V-accu&#8217;s met meer dan 5,5 Ah bijvoorbeeld een uitstekend vermogen dat vergelijkbaar is met tot wel 2.000 W aan bedraad vermogen (afhankelijk van de machine) ondanks hun compacte afmetingen. Deze accu&#8217;s zijn verkrijgbaar in diverse vermogens en zijn ontwikkeld voor de taaiste klussen en materialen. Daarmee overtreffen ze de prestaties die je verwacht in deze voltageklasse. In combinatie met machines die optimaal zijn afgestemd op het bereiken van maximale prestaties met ProCORE18V, zoals Bosch BITURBO Brushless, leveren draadloze machines met ProCORE18V-accu&#8217;s zelfs betere prestaties dan bedrade machines.[\/vc_column_text][\/toggle][toggle color=&#8221;Accent-Color&#8221; title=&#8221;Waarom zijn sommige AMPShare-accu&#8217;s rood of grijs?&#8221;][vc_column_text]\n<div class=\"trackingTeaser panel panel-default\" data-track_teasertype=\"Waarom zijn sommige AMPShare-accu's rood of grijs?\">\n<div id=\"collapse_2703053_1_21\" class=\"panel-collapse collapse in\" aria-expanded=\"true\">\n<div class=\"panel-body\">\n<p class=\"lg\">Accu&#8217;s van Bosch Professional zijn rood, terwijl accu&#8217;s van andere AMPShare-merken grijs zijn. Maak je geen zorgen: de accu&#8217;s zijn perfect compatibel. Ook al zijn de kleuren verschillend, er bestaat geen verschil in prestaties, technologie of compatibiliteit.<\/p>\n<\/div>\n<\/div>\n<\/div>\n[\/vc_column_text][\/toggle][toggle color=&#8221;Accent-Color&#8221; title=&#8221;Kan ik verschillende merken machines gebruiken met dezelfde AMPShare-accu?&#8221;][vc_column_text]\n<div class=\"trackingTeaser panel panel-default\" data-track_teasertype=\"Waarom zijn sommige AMPShare-accu's rood of grijs?\">\n<div id=\"collapse_2703053_1_21\" class=\"panel-collapse collapse in\" aria-expanded=\"true\">\n<div class=\"panel-body\">\n<div class=\"trackingTeaser panel panel-default\" data-track_teasertype=\"Kan ik echt al deze verschillende merken machines gebruiken met dezelfde AMPShare-accu?\">\n<div id=\"collapse_2703053_1_31\" class=\"panel-collapse collapse in\" aria-expanded=\"true\">\n<div class=\"panel-body\">\n<p class=\"lg\">Ja. Wij garanderen volledige compatibiliteit tussen alle accu&#8217;s, laders en machines die deel uitmaken van het AMPShare-accusysteem, ongeacht het merk van het product. Alle AMPShare-compatibele producten zijn eenvoudige te herkennen aan het AMPShare-label. Meer informatie over AMPShare-leden en hun AMPShare-compatibele producten vind je op de betreffende websites.<\/p>\n<\/div>\n<\/div>\n<\/div>\n<\/div>\n<\/div>\n<\/div>\n[\/vc_column_text][\/toggle][toggle color=&#8221;Accent-Color&#8221; title=&#8221;Kan ik verschillende accu&#8217;s gebruiken voor mijn ROCKHART 18V?&#8221;][vc_column_text]\n<div class=\"trackingTeaser panel panel-default\" data-track_teasertype=\"Waarom zijn sommige AMPShare-accu's rood of grijs?\">\n<div id=\"collapse_2703053_1_21\" class=\"panel-collapse collapse in\" aria-expanded=\"true\">\n<div class=\"panel-body\">\n<div class=\"trackingTeaser panel panel-default\" data-track_teasertype=\"Kan ik echt al deze verschillende merken machines gebruiken met dezelfde AMPShare-accu?\">\n<div id=\"collapse_2703053_1_31\" class=\"panel-collapse collapse in\" aria-expanded=\"true\">\n<div class=\"panel-body\">\n<p class=\"lg\">Ja. Wij garanderen volledige compatibiliteit tussen alle accu&#8217;s, laders en machines die deel uitmaken van het AMPShare-accusysteem, ongeacht het merk van het product. Omgedraaid geldt hetzelfde, iedere 18V accu geproduceerd sinds 2008 kan op de ROCKHART 18V.<\/p>\n<\/div>\n<\/div>\n<\/div>\n<\/div>\n<\/div>\n<\/div>\n[\/vc_column_text][\/toggle][toggle color=&#8221;Accent-Color&#8221; title=&#8221;Ik ben al in het bezit van Bosch Professionals 18V-accu&#8217;s of -laders, maar deze zijn niet voorzien van het AMPShare-label. Zijn deze toch compitabel met AMPShare?&#8221;][vc_column_text]\n<div class=\"trackingTeaser panel panel-default\" data-track_teasertype=\"Waarom zijn sommige AMPShare-accu's rood of grijs?\">\n<div id=\"collapse_2703053_1_21\" class=\"panel-collapse collapse in\" aria-expanded=\"true\">\n<div class=\"panel-body\">\n<div class=\"trackingTeaser panel panel-default\" data-track_teasertype=\"Kan ik echt al deze verschillende merken machines gebruiken met dezelfde AMPShare-accu?\">\n<div id=\"collapse_2703053_1_31\" class=\"panel-collapse collapse in\" aria-expanded=\"true\">\n<div class=\"panel-body\">\n<p class=\"lg\">Absoluut. Jouw Bosch Professional 18V-accu&#8217;s en laders zijn al volledig compatibel met alle AMPShare-compatibele machines. En het mooiste van alles is dat ook het omgekeerde geldt: AMPShare-accu&#8217;s zijn volledig compatibel met alle Bosch Professional 18V-machines en -laders tot en met 2008.<\/p>\n<\/div>\n<\/div>\n<\/div>\n<\/div>\n<\/div>\n<\/div>\n[\/vc_column_text][\/toggle][toggle color=&#8221;Accent-Color&#8221; title=&#8221;Kan ik AMPShare-compatibele machines gebruiken in combinatie met het Bosch POWER FOR ALL 18V-accusysteem?&#8221;][vc_column_text]\n<div class=\"trackingTeaser panel panel-default\" data-track_teasertype=\"Waarom zijn sommige AMPShare-accu's rood of grijs?\">\n<div id=\"collapse_2703053_1_21\" class=\"panel-collapse collapse in\" aria-expanded=\"true\">\n<div class=\"panel-body\">\n<div class=\"trackingTeaser panel panel-default\" data-track_teasertype=\"Kan ik echt al deze verschillende merken machines gebruiken met dezelfde AMPShare-accu?\">\n<div id=\"collapse_2703053_1_31\" class=\"panel-collapse collapse in\" aria-expanded=\"true\">\n<div class=\"panel-body\">\n<p class=\"lg\">Nee. Deze twee accusystemen zijn niet compatibel, en daar is een goede reden voor! Elk accusysteem is ontworpen om te voldoen aan zeer verschillende eisen van achtereenvolgens de professional of de doe-het-zelver. AMPShare-accu&#8217;s zijn geoptimaliseerd voor professioneel gebruik in het bedrijfsleven, waarbij sterk de nadruk ligt op lange looptijden voor een hogere productiviteit, met een constructie die bestand is tegen extreem zware werkomgevingen. Met AMPShare-accu&#8217;s kunnen professionals vertrouwen op een krachtig, robuust accusysteem waarmee ze sneller en veiliger kunnen werken op de werkplek. De producten van het Bosch POWER FOR ALL draadloze systeem daarentegen zijn geoptimaliseerd voor doe-het-zelfgebruik in en rond huis, waarbij de nadruk ligt op zelfontplooiing en klusprojecten van enthousiaste doe-het-zelvers.<\/p>\n<\/div>\n<\/div>\n<\/div>\n<\/div>\n<\/div>\n<\/div>\n[\/vc_column_text][\/toggle][toggle color=&#8221;Accent-Color&#8221; title=&#8221;Kan ik AMPShare-accu&#8217;s opladen met laders van een ander merk?&#8221;][vc_column_text]\n<div class=\"trackingTeaser panel panel-default\" data-track_teasertype=\"Waarom zijn sommige AMPShare-accu's rood of grijs?\">\n<div id=\"collapse_2703053_1_21\" class=\"panel-collapse collapse in\" aria-expanded=\"true\">\n<div class=\"panel-body\">\n<div class=\"trackingTeaser panel panel-default\" data-track_teasertype=\"Kan ik echt al deze verschillende merken machines gebruiken met dezelfde AMPShare-accu?\">\n<div id=\"collapse_2703053_1_31\" class=\"panel-collapse collapse in\" aria-expanded=\"true\">\n<div class=\"panel-body\">\n<p class=\"lg\">Ja. Wij garanderen volledige compatibiliteit tussen alle accu&#8217;s, laders en machines die deel uitmaken van het AMPShare-accusysteem, ongeacht het merk van het product.<\/p>\n<\/div>\n<\/div>\n<\/div>\n<\/div>\n<\/div>\n<\/div>\n[\/vc_column_text][\/toggle][\/toggles][\/vc_column][\/vc_row][vc_row type=&#8221;in_container&#8221; full_screen_row_position=&#8221;middle&#8221; column_margin=&#8221;default&#8221; column_direction=&#8221;default&#8221; column_direction_tablet=&#8221;default&#8221; column_direction_phone=&#8221;default&#8221; scene_position=&#8221;center&#8221; text_color=&#8221;dark&#8221; text_align=&#8221;left&#8221; row_border_radius=&#8221;none&#8221; row_border_radius_applies=&#8221;bg&#8221; id=&#8221;faq-9&#8243; overlay_strength=&#8221;0.3&#8243; gradient_direction=&#8221;left_to_right&#8221; shape_divider_position=&#8221;bottom&#8221; bg_image_animation=&#8221;none&#8221; shape_type=&#8221;&#8221;][vc_column column_padding=&#8221;no-extra-padding&#8221; column_padding_tablet=&#8221;inherit&#8221; column_padding_phone=&#8221;inherit&#8221; column_padding_position=&#8221;all&#8221; background_color_opacity=&#8221;1&#8243; background_hover_color_opacity=&#8221;1&#8243; column_shadow=&#8221;none&#8221; column_border_radius=&#8221;none&#8221; column_link_target=&#8221;_self&#8221; gradient_direction=&#8221;left_to_right&#8221; overlay_strength=&#8221;0.3&#8243; width=&#8221;1\/3&#8243; tablet_width_inherit=&#8221;default&#8221; tablet_text_alignment=&#8221;default&#8221; phone_text_alignment=&#8221;default&#8221; column_border_width=&#8221;none&#8221; column_border_style=&#8221;solid&#8221; bg_image_animation=&#8221;none&#8221;][\/vc_column][vc_column column_padding=&#8221;no-extra-padding&#8221; column_padding_tablet=&#8221;inherit&#8221; column_padding_phone=&#8221;inherit&#8221; column_padding_position=&#8221;all&#8221; background_color_opacity=&#8221;1&#8243; background_hover_color_opacity=&#8221;1&#8243; column_shadow=&#8221;none&#8221; column_border_radius=&#8221;none&#8221; column_link_target=&#8221;_self&#8221; gradient_direction=&#8221;left_to_right&#8221; overlay_strength=&#8221;0.3&#8243; width=&#8221;2\/3&#8243; tablet_width_inherit=&#8221;default&#8221; tablet_text_alignment=&#8221;default&#8221; phone_text_alignment=&#8221;default&#8221; column_border_width=&#8221;none&#8221; column_border_style=&#8221;solid&#8221; bg_image_animation=&#8221;none&#8221;][divider line_type=&#8221;No Line&#8221; custom_height=&#8221;150&#8243; custom_height_tablet=&#8221;45&#8243; custom_height_phone=&#8221;45&#8243;][vc_column_text el_class=&#8221;fag-cat-heading&#8221;]\n<h4>KLANTENSERVICE<\/h4>\n<p><span style=\"font-weight: 400;\">Niet gevonden waar je naar op zoek bent? Neem dan contact op met onze <\/span><strong><a href=\"mailto:info@perfectpro.eu\">klantenservice<\/a><\/strong>[\/vc_column_text][divider line_type=&#8221;No Line&#8221; custom_height=&#8221;150&#8243; custom_height_tablet=&#8221;45&#8243; custom_height_phone=&#8221;45&#8243;][\/vc_column][\/vc_row]\n","protected":false},"excerpt":{"rendered":"<p>[vc_row type=&#8221;full_width_background&#8221; full_screen_row_position=&#8221;middle&#8221; column_margin=&#8221;default&#8221; column_direction=&#8221;default&#8221; column_direction_tablet=&#8221;default&#8221; column_direction_phone=&#8221;default&#8221; bg_image=&#8221;4703&#8243; bg_position=&#8221;center center&#8221; bg_repeat=&#8221;no-repeat&#8221; scene_position=&#8221;center&#8221; text_color=&#8221;dark&#8221; text_align=&#8221;left&#8221; row_border_radius=&#8221;none&#8221; row_border_radius_applies=&#8221;bg&#8221; class=&#8221;mobile-divider-height&#8221; disable_element=&#8221;yes&#8221; overlay_strength=&#8221;0.3&#8243; gradient_direction=&#8221;left_to_right&#8221; shape_divider_position=&#8221;bottom&#8221; bg_image_animation=&#8221;none&#8221; shape_type=&#8221;&#8221;][vc_column column_padding=&#8221;no-extra-padding&#8221; column_padding_tablet=&#8221;inherit&#8221; column_padding_phone=&#8221;inherit&#8221; column_padding_position=&#8221;all&#8221; background_color_opacity=&#8221;1&#8243; background_hover_color_opacity=&#8221;1&#8243; column_shadow=&#8221;none&#8221;&#8230;<\/p>\n","protected":false},"author":1,"featured_media":0,"parent":0,"menu_order":0,"comment_status":"closed","ping_status":"closed","template":"","meta":{"inline_featured_image":false},"acf":[],"_links":{"self":[{"href":"https:\/\/shop.perfectpro.eu\/nl\/wp-json\/wp\/v2\/pages\/149134"}],"collection":[{"href":"https:\/\/shop.perfectpro.eu\/nl\/wp-json\/wp\/v2\/pages"}],"about":[{"href":"https:\/\/shop.perfectpro.eu\/nl\/wp-json\/wp\/v2\/types\/page"}],"author":[{"embeddable":true,"href":"https:\/\/shop.perfectpro.eu\/nl\/wp-json\/wp\/v2\/users\/1"}],"replies":[{"embeddable":true,"href":"https:\/\/shop.perfectpro.eu\/nl\/wp-json\/wp\/v2\/comments?post=149134"}],"version-history":[{"count":16,"href":"https:\/\/shop.perfectpro.eu\/nl\/wp-json\/wp\/v2\/pages\/149134\/revisions"}],"predecessor-version":[{"id":162808,"href":"https:\/\/shop.perfectpro.eu\/nl\/wp-json\/wp\/v2\/pages\/149134\/revisions\/162808"}],"wp:attachment":[{"href":"https:\/\/shop.perfectpro.eu\/nl\/wp-json\/wp\/v2\/media?parent=149134"}],"curies":[{"name":"wp","href":"https:\/\/api.w.org\/{rel}","templated":true}]}}